{"id":31,"date":"2020-01-07T08:24:39","date_gmt":"2020-01-07T07:24:39","guid":{"rendered":"http:\/\/www.friolclub.fr\/wp\/?page_id=31"},"modified":"2024-07-20T19:56:08","modified_gmt":"2024-07-20T17:56:08","slug":"le-club-friol","status":"publish","type":"page","link":"http:\/\/www.friolclub.fr\/?page_id=31","title":{"rendered":"Le Club Friol"},"content":{"rendered":"<span id=\"g1-space-1\" class=\"g1-space \" style=\"height:30px;\"><\/span>\n<ul class=\"g1-grid\"><li class=\"g1-column g1-two-third g1-valign-top\">\n<p><strong>Au nom du Friol Club je vous souhaite la bienvenue sur le site internet de notre club et j\u2019esp\u00e8re que vous appr\u00e9cierez toutes les informations pratiques mises \u00e0 votre disposition sur le site.<\/strong><\/p>\n<p>Le club emprunte son nom au renomm\u00e9 coureur sur piste du d\u00e9but du si\u00e8cle pr\u00e9c\u00e9dent : <strong>\u00c9mile Friol<\/strong> <a href=\"http:\/\/lepetitbraquet.fr\/chron72_friol-emile.html\" target=\"_blank\" rel=\"noopener noreferrer\">(voir l\u2019article tr\u00e8s complet sur le site du Petit Braquet)<\/a><\/p>\n<p>Avec plus de 100 membres, le Friol Club qui existe depuis pr\u00e8s de 50 ans est un club dynamique bien ancr\u00e9 dans son territoire regroupant des passionn\u00e9s de v\u00e9lo des deux villes situ\u00e9es de chaque c\u00f4t\u00e9 du Rh\u00f4ne (Tain L\u2019Hermitage en Dr\u00f4me et Tournon sur Rh\u00f4ne en Ard\u00e8che) ainsi que des communes alentours (Mauve, Vion, Plats, St Jean de Muzols, Mercurol, etc\u2026), mais \u00e9galement dans son \u00e9poque avec pr\u00e8s de 25 % de f\u00e9minines.<\/p>\n<p>Grace \u00e0 nos 2 affiliations (<strong>FSGT<\/strong> et<strong> FFCT<\/strong>), notre club est ouvert \u00e0 tous les adultes femmes ou hommes, aussi bien aux cyclosportifs souhaitant avoir une pratique plus sportive (participation aux courses locales et cyclosportives r\u00e9gionales)\u00a0 qu\u2019aux cyclotouristes ayant une optique plus loisir et d\u00e9tente.<\/p>\n<p>Au travers de l\u2019organisation d\u2019\u00e9v\u00e9nements locaux comme le Rallye du Doux et La journ\u00e9e de la Femme le club participe activement au dynamisme de la discipline sur le territoire de l\u2019Ard\u00e8che et de la Dr\u00f4me.<\/p>\n<ul>\n<li>Nous ne disposons pas d&rsquo;\u00e9cole cyclo pour les plus jeunes mais sur Tournon est pr\u00e9sent un club FFC (Union Cycliste Tain Tournon) qui se fera un plaisir d&rsquo;encadrer votre enfant s&rsquo;il souhaite faire du v\u00e9lo et de la comp\u00e9tition :\u00a0<a href=\"http:\/\/uctt.e-monsite.com\" target=\"_blank\" rel=\"noopener noreferrer\">Site internet UCTT<\/a><\/li>\n<li>Le Friol Club est membre de l\u2019association HTCO qui regroupe des clubs cyclistes locaux afin de pouvoir organiser des manifestations d\u2019ampleur r\u00e9gionales ou nationales (manche de coupe de France de cyclo-cross en octobre 2016 &#8211; Organisation Ardeche Gravel en avril 2023 et avril 2024) et de mutualiser nos \u00e9quipements.<\/li>\n<\/ul>\n<p><em>Au plaisir de vous retrouver sur les belles routes de la Dr\u00f4me et de l\u2019Ard\u00e8che &#8230;<br \/>\n<\/em><em>Christian Carro<br \/>\n<\/em><\/p>\n<\/li><!-- -->\n<li class=\"g1-column g1-one-third g1-valign-top\">\n<p><img loading=\"lazy\" decoding=\"async\" class=\"alignnone size-medium wp-image-1132\" src=\"http:\/\/www.friolclub.fr\/wp\/wp-content\/uploads\/2021\/12\/Christian-CARRO-400x600.jpg\" alt=\"\" width=\"400\" height=\"600\" srcset=\"http:\/\/www.friolclub.fr\/wp\/wp-content\/uploads\/2021\/12\/Christian-CARRO-400x600.jpg 400w, http:\/\/www.friolclub.fr\/wp\/wp-content\/uploads\/2021\/12\/Christian-CARRO-682x1024.jpg 682w, http:\/\/www.friolclub.fr\/wp\/wp-content\/uploads\/2021\/12\/Christian-CARRO-768x1152.jpg 768w, http:\/\/www.friolclub.fr\/wp\/wp-content\/uploads\/2021\/12\/Christian-CARRO-636x954.jpg 636w, http:\/\/www.friolclub.fr\/wp\/wp-content\/uploads\/2021\/12\/Christian-CARRO-320x480.jpg 320w, http:\/\/www.friolclub.fr\/wp\/wp-content\/uploads\/2021\/12\/Christian-CARRO-239x359.jpg 239w, http:\/\/www.friolclub.fr\/wp\/wp-content\/uploads\/2021\/12\/Christian-CARRO.jpg 861w\" sizes=\"auto, (max-width: 400px) 100vw, 400px\" \/><\/p>\n<\/li><!-- --><\/ul>\n<p><img loading=\"lazy\" decoding=\"async\" class=\"alignnone size-full wp-image-111\" src=\"http:\/\/www.friolclub.fr\/wp\/wp-content\/uploads\/2020\/01\/versionsite20135.jpg\" alt=\"\" width=\"455\" height=\"303\" \/><\/p>\n<div id=\"g1-divider-1\" class=\"g1-divider g1-divider--none g1-divider--noicon \"><\/div>\n<p>Chaque ann\u00e9e nous organisons deux <strong>: la Journ\u00e9e de la Femme en mars et la Randonn\u00e9e des Gorges du Doux fin mai. <\/strong><\/p>\n<p>La Randonn\u00e9e Cycliste des Gorges du Doux est une randonn\u00e9e cycliste renomm\u00e9e proposant plusieurs parcours au d\u00e9part de Tournon sur Rh\u00f4ne autour du Doux.<\/p>\n<span id=\"g1-space-2\" class=\"g1-space \" style=\"height:20px;\"><\/span>\n","protected":false},"excerpt":{"rendered":"<p>Chaque ann\u00e9e nous organisons deux : la Journ\u00e9e de la Femme en mars et la Randonn\u00e9e des Gorges du Doux fin mai. La Randonn\u00e9e Cycliste des Gorges du Doux est une randonn\u00e9e cycliste renomm\u00e9e proposant plusieurs parcours au d\u00e9part de Tournon sur Rh\u00f4ne autour du Doux.<\/p>\n","protected":false},"author":1,"featured_media":0,"parent":0,"menu_order":0,"comment_status":"closed","ping_status":"closed","template":"g1_template_page_full.php","meta":{"footnotes":""},"class_list":["post-31","page","type-page","status-publish"],"_links":{"self":[{"href":"http:\/\/www.friolclub.fr\/index.php?rest_route=\/wp\/v2\/pages\/31","targetHints":{"allow":["GET"]}}],"collection":[{"href":"http:\/\/www.friolclub.fr\/index.php?rest_route=\/wp\/v2\/pages"}],"about":[{"href":"http:\/\/www.friolclub.fr\/index.php?rest_route=\/wp\/v2\/types\/page"}],"author":[{"embeddable":true,"href":"http:\/\/www.friolclub.fr\/index.php?rest_route=\/wp\/v2\/users\/1"}],"replies":[{"embeddable":true,"href":"http:\/\/www.friolclub.fr\/index.php?rest_route=%2Fwp%2Fv2%2Fcomments&post=31"}],"version-history":[{"count":17,"href":"http:\/\/www.friolclub.fr\/index.php?rest_route=\/wp\/v2\/pages\/31\/revisions"}],"predecessor-version":[{"id":1812,"href":"http:\/\/www.friolclub.fr\/index.php?rest_route=\/wp\/v2\/pages\/31\/revisions\/1812"}],"wp:attachment":[{"href":"http:\/\/www.friolclub.fr\/index.php?rest_route=%2Fwp%2Fv2%2Fmedia&parent=31"}],"curies":[{"name":"wp","href":"https:\/\/api.w.org\/{rel}","templated":true}]}}